{"id":1658,"date":"2020-10-27T19:30:33","date_gmt":"2020-10-27T18:30:33","guid":{"rendered":"http:\/\/aventuresetcocotiers.fr\/?page_id=1658"},"modified":"2020-11-12T16:11:18","modified_gmt":"2020-11-12T15:11:18","slug":"maroc-voyage-vallee-du-dades","status":"publish","type":"page","link":"https:\/\/aventuresetcocotiers.fr\/index.php\/voyage-decouverte-en-afrique\/maroc-voyage-vallee-du-dades\/","title":{"rendered":"Maroc &#8211; Vall\u00e9e du Dad\u00e8s"},"content":{"rendered":"\n<p style=\"font-size:15px\">A la suite de notre s\u00e9jour \u00e0 Marrakech, j&rsquo;avais envie d&rsquo;\u00e9vasion et de paysages insolites. Apr\u00e8s de multiples recherches et un choix tr\u00e8s difficile (toutes les r\u00e9gions autour de Marrakech ont l&rsquo;air magnifiques mais on ne pouvait pas tout faire&#8230;), j&rsquo;ai s\u00e9lectionn\u00e9 la Vall\u00e9e du Dad\u00e8s.<\/p>\n\n\n\n<p style=\"font-size:15px\">Ce qui m&rsquo;a tout de suite attir\u00e9 dans cette r\u00e9gion ce sont ses paysages rouges et ocres. Des couleurs improbables pour de sublimes paysages. J&rsquo;aime aussi beaucoup le c\u00f4t\u00e9 d\u00e9sertique, seul au monde, apr\u00e8s l&rsquo;effervescence de Marrakech \u00e7a nous a fait un bien fou !<\/p>\n\n\n\n<p style=\"font-size:15px\">4 jours, c&rsquo;est le minimum pour visiter cette r\u00e9gion, et id\u00e9alement il nous aurait fallu un peu plus de temps pour faire une vraie boucle. En 4 jours, nous avons eu le temps de faire un tour jusqu&rsquo;\u00e0 Timzzillite et sa route en lacet \u00e0 travers les Gorges du Dad\u00e8s en passant par Skoura, Tamellalt, Ouarzazate, Tellouet, &#8230;<\/p>\n\n\n\n<p style=\"font-size:15px\">Pour cette partie du voyage nous \u00e9tions \u00e0 deux seulement, nos amis sont tous rentr\u00e9s chez eux et nous avons poursuivi en couple nos aventures.<\/p>\n\n\n\n<p style=\"font-size:15px\">Nous avons donc fait ce voyage en novembre 2018. Les temp\u00e9ratures sont tr\u00e8s douces dans la Vall\u00e9e du Dad\u00e8s \u00e0 cette \u00e9poque de l&rsquo;ann\u00e9e. Petit pull voir t-shirt en journ\u00e9e, mais ne prenez pas trop la confiance, la nuit \u00e7a caille !<\/p>\n\n\n\n<figure class=\"wp-block-image size-full\"><a href=\"https:\/\/aventuresetcocotiers.fr\/index.php\/voyage-decouverte-en-afrique\/maroc-voyage-vallee-du-dades\/vallee-du-dades-itineraire-4-jours\/\"><img loading=\"lazy\" width=\"2000\" height=\"519\" src=\"https:\/\/aventuresetcocotiers.fr\/wp-content\/uploads\/2020\/10\/Vallee-du-Dades-Mon-itineraire.jpg\" alt=\"\" class=\"wp-image-1661\" srcset=\"https:\/\/aventuresetcocotiers.fr\/wp-content\/uploads\/2020\/10\/Vallee-du-Dades-Mon-itineraire.jpg 2000w, https:\/\/aventuresetcocotiers.fr\/wp-content\/uploads\/2020\/10\/Vallee-du-Dades-Mon-itineraire-300x78.jpg 300w, https:\/\/aventuresetcocotiers.fr\/wp-content\/uploads\/2020\/10\/Vallee-du-Dades-Mon-itineraire-1024x266.jpg 1024w, https:\/\/aventuresetcocotiers.fr\/wp-content\/uploads\/2020\/10\/Vallee-du-Dades-Mon-itineraire-768x199.jpg 768w, https:\/\/aventuresetcocotiers.fr\/wp-content\/uploads\/2020\/10\/Vallee-du-Dades-Mon-itineraire-1536x399.jpg 1536w\" sizes=\"(max-width: 2000px) 100vw, 2000px\" \/><\/a><\/figure>\n\n\n\n<figure class=\"wp-block-image size-full\"><a href=\"https:\/\/aventuresetcocotiers.fr\/index.php\/voyage-decouverte-en-afrique\/maroc-voyage-vallee-du-dades\/vallee-du-dades-mon-top-5-2\/\"><img loading=\"lazy\" width=\"2000\" height=\"513\" src=\"https:\/\/aventuresetcocotiers.fr\/wp-content\/uploads\/2020\/10\/Vallee-du-Dades-Mon-top-5.jpg\" alt=\"\" class=\"wp-image-1662\" srcset=\"https:\/\/aventuresetcocotiers.fr\/wp-content\/uploads\/2020\/10\/Vallee-du-Dades-Mon-top-5.jpg 2000w, https:\/\/aventuresetcocotiers.fr\/wp-content\/uploads\/2020\/10\/Vallee-du-Dades-Mon-top-5-300x77.jpg 300w, https:\/\/aventuresetcocotiers.fr\/wp-content\/uploads\/2020\/10\/Vallee-du-Dades-Mon-top-5-1024x263.jpg 1024w, https:\/\/aventuresetcocotiers.fr\/wp-content\/uploads\/2020\/10\/Vallee-du-Dades-Mon-top-5-768x197.jpg 768w, https:\/\/aventuresetcocotiers.fr\/wp-content\/uploads\/2020\/10\/Vallee-du-Dades-Mon-top-5-1536x394.jpg 1536w\" sizes=\"(max-width: 2000px) 100vw, 2000px\" \/><\/a><\/figure>\n\n\n\n<figure class=\"wp-block-image size-full\"><a href=\"https:\/\/aventuresetcocotiers.fr\/index.php\/voyage-decouverte-en-afrique\/maroc-voyage-vallee-du-dades\/vallee-du-dades-les-bonnes-adresses\/\"><img loading=\"lazy\" width=\"2000\" height=\"519\" src=\"https:\/\/aventuresetcocotiers.fr\/wp-content\/uploads\/2020\/10\/Vallee-du-Dades-Bonnes-adresses.jpg\" alt=\"\" class=\"wp-image-1659\" srcset=\"https:\/\/aventuresetcocotiers.fr\/wp-content\/uploads\/2020\/10\/Vallee-du-Dades-Bonnes-adresses.jpg 2000w, https:\/\/aventuresetcocotiers.fr\/wp-content\/uploads\/2020\/10\/Vallee-du-Dades-Bonnes-adresses-300x78.jpg 300w, https:\/\/aventuresetcocotiers.fr\/wp-content\/uploads\/2020\/10\/Vallee-du-Dades-Bonnes-adresses-1024x266.jpg 1024w, https:\/\/aventuresetcocotiers.fr\/wp-content\/uploads\/2020\/10\/Vallee-du-Dades-Bonnes-adresses-768x199.jpg 768w, https:\/\/aventuresetcocotiers.fr\/wp-content\/uploads\/2020\/10\/Vallee-du-Dades-Bonnes-adresses-1536x399.jpg 1536w\" sizes=\"(max-width: 2000px) 100vw, 2000px\" \/><\/a><\/figure>\n\n\n\n<figure class=\"wp-block-image size-full\"><a href=\"https:\/\/aventuresetcocotiers.fr\/index.php\/voyage-decouverte-en-afrique\/maroc-voyage-vallee-du-dades\/vallee-du-dades-budget-2\/\"><img loading=\"lazy\" width=\"2000\" height=\"519\" src=\"https:\/\/aventuresetcocotiers.fr\/wp-content\/uploads\/2020\/10\/Vallee-du-Dades-Budget.jpg\" alt=\"\" class=\"wp-image-1660\" srcset=\"https:\/\/aventuresetcocotiers.fr\/wp-content\/uploads\/2020\/10\/Vallee-du-Dades-Budget.jpg 2000w, https:\/\/aventuresetcocotiers.fr\/wp-content\/uploads\/2020\/10\/Vallee-du-Dades-Budget-300x78.jpg 300w, https:\/\/aventuresetcocotiers.fr\/wp-content\/uploads\/2020\/10\/Vallee-du-Dades-Budget-1024x266.jpg 1024w, https:\/\/aventuresetcocotiers.fr\/wp-content\/uploads\/2020\/10\/Vallee-du-Dades-Budget-768x199.jpg 768w, https:\/\/aventuresetcocotiers.fr\/wp-content\/uploads\/2020\/10\/Vallee-du-Dades-Budget-1536x399.jpg 1536w\" sizes=\"(max-width: 2000px) 100vw, 2000px\" \/><\/a><\/figure>\n","protected":false},"excerpt":{"rendered":"<p>A la suite de notre s\u00e9jour \u00e0 Marrakech, j&rsquo;avais envie d&rsquo;\u00e9vasion et de paysages insolites. Apr\u00e8s de multiples recherches et un choix tr\u00e8s difficile (toutes les r\u00e9gions autour de Marrakech ont l&rsquo;air magnifiques mais on ne pouvait pas tout faire&#8230;), j&rsquo;ai s\u00e9lectionn\u00e9 la Vall\u00e9e du Dad\u00e8s. Ce qui m&rsquo;a tout de suite attir\u00e9 dans cette [&hellip;]<\/p>\n","protected":false},"author":1,"featured_media":0,"parent":1629,"menu_order":0,"comment_status":"closed","ping_status":"closed","template":"template-full.php","meta":[],"yoast_head":"<!-- This site is optimized with the Yoast SEO plugin v15.2.1 - https:\/\/yoast.com\/wordpress\/plugins\/seo\/ -->\n<title>Maroc - Vall\u00e9e du Dad\u00e8s |<\/title>\n<meta name=\"robots\" content=\"index, follow, max-snippet:-1, max-image-preview:large, max-video-preview:-1\" \/>\n<link rel=\"canonical\" href=\"https:\/\/aventuresetcocotiers.fr\/index.php\/voyage-decouverte-en-afrique\/maroc-voyage-vallee-du-dades\/\" \/>\n<meta property=\"og:locale\" content=\"fr_FR\" \/>\n<meta property=\"og:type\" content=\"article\" \/>\n<meta property=\"og:title\" content=\"Maroc - Vall\u00e9e du Dad\u00e8s |\" \/>\n<meta property=\"og:description\" content=\"A la suite de notre s\u00e9jour \u00e0 Marrakech, j&rsquo;avais envie d&rsquo;\u00e9vasion et de paysages insolites. Apr\u00e8s de multiples recherches et un choix tr\u00e8s difficile (toutes les r\u00e9gions autour de Marrakech ont l&rsquo;air magnifiques mais on ne pouvait pas tout faire&#8230;), j&rsquo;ai s\u00e9lectionn\u00e9 la Vall\u00e9e du Dad\u00e8s. Ce qui m&rsquo;a tout de suite attir\u00e9 dans cette [&hellip;]\" \/>\n<meta property=\"og:url\" content=\"https:\/\/aventuresetcocotiers.fr\/index.php\/voyage-decouverte-en-afrique\/maroc-voyage-vallee-du-dades\/\" \/>\n<meta property=\"article:modified_time\" content=\"2020-11-12T15:11:18+00:00\" \/>\n<meta property=\"og:image\" content=\"https:\/\/aventuresetcocotiers.fr\/wp-content\/uploads\/2020\/10\/Vallee-du-Dades-Mon-itineraire.jpg\" \/>\n<meta name=\"twitter:card\" content=\"summary\" \/>\n<meta name=\"twitter:label1\" content=\"\u00c9crit par\">\n\t<meta name=\"twitter:data1\" content=\"admin2603\">\n\t<meta name=\"twitter:label2\" content=\"Dur\u00e9e de lecture est.\">\n\t<meta name=\"twitter:data2\" content=\"1 minute\">\n<script type=\"application\/ld+json\" class=\"yoast-schema-graph\">{\"@context\":\"https:\/\/schema.org\",\"@graph\":[{\"@type\":\"WebSite\",\"@id\":\"https:\/\/aventuresetcocotiers.fr\/#website\",\"url\":\"https:\/\/aventuresetcocotiers.fr\/\",\"name\":\"\",\"description\":\"\",\"potentialAction\":[{\"@type\":\"SearchAction\",\"target\":\"https:\/\/aventuresetcocotiers.fr\/?s={search_term_string}\",\"query-input\":\"required name=search_term_string\"}],\"inLanguage\":\"fr-FR\"},{\"@type\":\"ImageObject\",\"@id\":\"https:\/\/aventuresetcocotiers.fr\/index.php\/voyage-decouverte-en-afrique\/maroc-voyage-vallee-du-dades\/#primaryimage\",\"inLanguage\":\"fr-FR\",\"url\":\"https:\/\/aventuresetcocotiers.fr\/wp-content\/uploads\/2020\/10\/Vallee-du-Dades-Mon-itineraire.jpg\",\"width\":2000,\"height\":519},{\"@type\":\"WebPage\",\"@id\":\"https:\/\/aventuresetcocotiers.fr\/index.php\/voyage-decouverte-en-afrique\/maroc-voyage-vallee-du-dades\/#webpage\",\"url\":\"https:\/\/aventuresetcocotiers.fr\/index.php\/voyage-decouverte-en-afrique\/maroc-voyage-vallee-du-dades\/\",\"name\":\"Maroc - Vall\\u00e9e du Dad\\u00e8s |\",\"isPartOf\":{\"@id\":\"https:\/\/aventuresetcocotiers.fr\/#website\"},\"primaryImageOfPage\":{\"@id\":\"https:\/\/aventuresetcocotiers.fr\/index.php\/voyage-decouverte-en-afrique\/maroc-voyage-vallee-du-dades\/#primaryimage\"},\"datePublished\":\"2020-10-27T18:30:33+00:00\",\"dateModified\":\"2020-11-12T15:11:18+00:00\",\"breadcrumb\":{\"@id\":\"https:\/\/aventuresetcocotiers.fr\/index.php\/voyage-decouverte-en-afrique\/maroc-voyage-vallee-du-dades\/#breadcrumb\"},\"inLanguage\":\"fr-FR\",\"potentialAction\":[{\"@type\":\"ReadAction\",\"target\":[\"https:\/\/aventuresetcocotiers.fr\/index.php\/voyage-decouverte-en-afrique\/maroc-voyage-vallee-du-dades\/\"]}]},{\"@type\":\"BreadcrumbList\",\"@id\":\"https:\/\/aventuresetcocotiers.fr\/index.php\/voyage-decouverte-en-afrique\/maroc-voyage-vallee-du-dades\/#breadcrumb\",\"itemListElement\":[{\"@type\":\"ListItem\",\"position\":1,\"item\":{\"@type\":\"WebPage\",\"@id\":\"http:\/\/aventuresetcocotiers.fr\/\",\"url\":\"http:\/\/aventuresetcocotiers.fr\/\",\"name\":\"Accueil\"}},{\"@type\":\"ListItem\",\"position\":2,\"item\":{\"@type\":\"WebPage\",\"@id\":\"https:\/\/aventuresetcocotiers.fr\/index.php\/voyage-decouverte-en-afrique\/\",\"url\":\"https:\/\/aventuresetcocotiers.fr\/index.php\/voyage-decouverte-en-afrique\/\",\"name\":\"Afrique\"}},{\"@type\":\"ListItem\",\"position\":3,\"item\":{\"@type\":\"WebPage\",\"@id\":\"https:\/\/aventuresetcocotiers.fr\/index.php\/voyage-decouverte-en-afrique\/maroc-voyage-vallee-du-dades\/\",\"url\":\"https:\/\/aventuresetcocotiers.fr\/index.php\/voyage-decouverte-en-afrique\/maroc-voyage-vallee-du-dades\/\",\"name\":\"Maroc &#8211; Vall\\u00e9e du Dad\\u00e8s\"}}]}]}<\/script>\n<!-- \/ Yoast SEO plugin. -->","_links":{"self":[{"href":"https:\/\/aventuresetcocotiers.fr\/index.php\/wp-json\/wp\/v2\/pages\/1658"}],"collection":[{"href":"https:\/\/aventuresetcocotiers.fr\/index.php\/wp-json\/wp\/v2\/pages"}],"about":[{"href":"https:\/\/aventuresetcocotiers.fr\/index.php\/wp-json\/wp\/v2\/types\/page"}],"author":[{"embeddable":true,"href":"https:\/\/aventuresetcocotiers.fr\/index.php\/wp-json\/wp\/v2\/users\/1"}],"replies":[{"embeddable":true,"href":"https:\/\/aventuresetcocotiers.fr\/index.php\/wp-json\/wp\/v2\/comments?post=1658"}],"version-history":[{"count":10,"href":"https:\/\/aventuresetcocotiers.fr\/index.php\/wp-json\/wp\/v2\/pages\/1658\/revisions"}],"predecessor-version":[{"id":2604,"href":"https:\/\/aventuresetcocotiers.fr\/index.php\/wp-json\/wp\/v2\/pages\/1658\/revisions\/2604"}],"up":[{"embeddable":true,"href":"https:\/\/aventuresetcocotiers.fr\/index.php\/wp-json\/wp\/v2\/pages\/1629"}],"wp:attachment":[{"href":"https:\/\/aventuresetcocotiers.fr\/index.php\/wp-json\/wp\/v2\/media?parent=1658"}],"curies":[{"name":"wp","href":"https:\/\/api.w.org\/{rel}","templated":true}]}}